{"id":1499,"date":"2023-01-28T00:04:53","date_gmt":"2023-01-27T23:04:53","guid":{"rendered":"https:\/\/wilfriedandco.fr\/?page_id=1499"},"modified":"2025-05-06T08:57:22","modified_gmt":"2025-05-06T06:57:22","slug":"shop-in-shop-2","status":"publish","type":"page","link":"https:\/\/wilfriedandco.fr\/index.php\/shop-in-shop-2\/","title":{"rendered":"Corner web shop-in-shop"},"content":{"rendered":"<h1>VOTRE CORNER SHOP IN SHOP WILFRIEDandCO<\/h1>\n<p>Profitez d&rsquo;un savoir faire, et d&rsquo;un accompagnement personnalis\u00e9.<\/p>\n<p><a role=\"button\"><br \/>\nJe me lance !<br \/>\n<\/a><br \/>\n<img loading=\"lazy\" decoding=\"async\" src=\"https:\/\/wilfriedandco.fr\/wp-content\/uploads\/2023\/01\/Espace-Coiffure-WILFRIEDandCO-Columbus-Monte-Carlo.webp\" sizes=\"auto, (max-width: 870px) 100vw, 870px\" srcset=\"https:\/\/wilfriedandco.fr\/wp-content\/uploads\/2023\/01\/Espace-Coiffure-WILFRIEDandCO-Columbus-Monte-Carlo.webp 870w, https:\/\/wilfriedandco.fr\/wp-content\/uploads\/2023\/01\/Espace-Coiffure-WILFRIEDandCO-Columbus-Monte-Carlo-300x181.webp 300w, https:\/\/wilfriedandco.fr\/wp-content\/uploads\/2023\/01\/Espace-Coiffure-WILFRIEDandCO-Columbus-Monte-Carlo-768x463.webp 768w, https:\/\/wilfriedandco.fr\/wp-content\/uploads\/2023\/01\/Espace-Coiffure-WILFRIEDandCO-Columbus-Monte-Carlo-400x241.webp 400w, https:\/\/wilfriedandco.fr\/wp-content\/uploads\/2023\/01\/Espace-Coiffure-WILFRIEDandCO-Columbus-Monte-Carlo-100x60.webp 100w, https:\/\/wilfriedandco.fr\/wp-content\/uploads\/2023\/01\/Espace-Coiffure-WILFRIEDandCO-Columbus-Monte-Carlo-149x90.webp 149w\" alt=\"\" width=\"870\" height=\"524\" \/><br \/>\n<img loading=\"lazy\" decoding=\"async\" src=\"https:\/\/wilfriedandco.fr\/wp-content\/uploads\/2023\/01\/WILFRIEDandCO-Nice.webp\" sizes=\"auto, (max-width: 870px) 100vw, 870px\" srcset=\"https:\/\/wilfriedandco.fr\/wp-content\/uploads\/2023\/01\/WILFRIEDandCO-Nice.webp 870w, https:\/\/wilfriedandco.fr\/wp-content\/uploads\/2023\/01\/WILFRIEDandCO-Nice-300x181.webp 300w, https:\/\/wilfriedandco.fr\/wp-content\/uploads\/2023\/01\/WILFRIEDandCO-Nice-768x463.webp 768w, https:\/\/wilfriedandco.fr\/wp-content\/uploads\/2023\/01\/WILFRIEDandCO-Nice-400x241.webp 400w, https:\/\/wilfriedandco.fr\/wp-content\/uploads\/2023\/01\/WILFRIEDandCO-Nice-100x60.webp 100w, https:\/\/wilfriedandco.fr\/wp-content\/uploads\/2023\/01\/WILFRIEDandCO-Nice-149x90.webp 149w\" alt=\"\" width=\"870\" height=\"524\" \/><br \/>\n<img loading=\"lazy\" decoding=\"async\" src=\"https:\/\/wilfriedandco.fr\/wp-content\/uploads\/2023\/01\/Espace-Onglerie-Columbus-Monte-Carlo.jpg\" sizes=\"auto, (max-width: 421px) 100vw, 421px\" srcset=\"https:\/\/wilfriedandco.fr\/wp-content\/uploads\/2023\/01\/Espace-Onglerie-Columbus-Monte-Carlo.jpg 421w, https:\/\/wilfriedandco.fr\/wp-content\/uploads\/2023\/01\/Espace-Onglerie-Columbus-Monte-Carlo-300x200.jpg 300w, https:\/\/wilfriedandco.fr\/wp-content\/uploads\/2023\/01\/Espace-Onglerie-Columbus-Monte-Carlo-400x266.jpg 400w, https:\/\/wilfriedandco.fr\/wp-content\/uploads\/2023\/01\/Espace-Onglerie-Columbus-Monte-Carlo-90x60.jpg 90w, https:\/\/wilfriedandco.fr\/wp-content\/uploads\/2023\/01\/Espace-Onglerie-Columbus-Monte-Carlo-135x90.jpg 135w\" alt=\"\" width=\"421\" height=\"280\" \/><br \/>\n<a role=\"button\"><br \/>\nJe me lance !<br \/>\n<\/a><br \/>\n<img loading=\"lazy\" decoding=\"async\" src=\"https:\/\/wilfriedandco.fr\/wp-content\/uploads\/2020\/04\/Corner-image0-1.jpeg\" sizes=\"auto, (max-width: 950px) 100vw, 950px\" srcset=\"https:\/\/wilfriedandco.fr\/wp-content\/uploads\/2020\/04\/Corner-image0-1.jpeg 950w, https:\/\/wilfriedandco.fr\/wp-content\/uploads\/2020\/04\/Corner-image0-1-400x354.jpeg 400w, https:\/\/wilfriedandco.fr\/wp-content\/uploads\/2020\/04\/Corner-image0-1-300x265.jpeg 300w, https:\/\/wilfriedandco.fr\/wp-content\/uploads\/2020\/04\/Corner-image0-1-768x679.jpeg 768w\" alt=\"\" width=\"950\" height=\"840\" \/><\/p>\n<h2>QU\u2019EST-CE QUE LE SHOP IN SHOP?<\/h2>\n<p>Un espace dans un point de vente, un magasin dans un magasin (shop in shop).<\/p>\n<p>Cet espace est autonome et comporte ses propres caisses comme pour les corners des grands magasins.<\/p>\n<p><a role=\"button\"><br \/>\nJe me lance !<br \/>\n<\/a><\/p>\n<h2>Devenez partenaire<\/h2>\n<p>Notre pratique du <em>shop in shop<\/em> se rencontre dans le cadre d\u2019<strong>enseignes partenaires, <\/strong>mais \u00e9galement pour des <strong>enseignes de services.<\/strong><\/p>\n<p>On peut ainsi nous trouver au sein de vastes <strong>salons de coiffure<\/strong> ou de beaut\u00e9, h\u00e9berg\u00e9s dans un <strong>hypermarch\u00e9<\/strong> ou <strong>galerie marchande.<\/strong><\/p>\n<p><img loading=\"lazy\" decoding=\"async\" src=\"https:\/\/wilfriedandco.fr\/wp-content\/uploads\/2020\/04\/IMG_2756.jpg\" sizes=\"auto, (max-width: 640px) 100vw, 640px\" srcset=\"https:\/\/wilfriedandco.fr\/wp-content\/uploads\/2020\/04\/IMG_2756.jpg 640w, https:\/\/wilfriedandco.fr\/wp-content\/uploads\/2020\/04\/IMG_2756-400x266.jpg 400w, https:\/\/wilfriedandco.fr\/wp-content\/uploads\/2020\/04\/IMG_2756-300x200.jpg 300w, https:\/\/wilfriedandco.fr\/wp-content\/uploads\/2020\/04\/IMG_2756-570x380.jpg 570w, https:\/\/wilfriedandco.fr\/wp-content\/uploads\/2020\/04\/IMG_2756-380x254.jpg 380w, https:\/\/wilfriedandco.fr\/wp-content\/uploads\/2020\/04\/IMG_2756-285x190.jpg 285w\" alt=\"\" width=\"640\" height=\"426\" \/><\/p>\n<h2>Pr\u00e9sentez vos services et produits<\/h2>\n<p>L\u2019espace attribu\u00e9 correspond \u00e0 un ensemble de meubles de pr\u00e9sentation et l\u2019utilisation d\u2019\u00e9l\u00e9ments de PLV sp\u00e9cifiques reprenant la marque de WILFRIEDandCO.<\/p>\n<p><img loading=\"lazy\" decoding=\"async\" src=\"https:\/\/wilfriedandco.fr\/wp-content\/uploads\/2023\/01\/efficity-wilfried-co-immmobilier.jpg\" sizes=\"auto, (max-width: 900px) 100vw, 900px\" srcset=\"https:\/\/wilfriedandco.fr\/wp-content\/uploads\/2023\/01\/efficity-wilfried-co-immmobilier.jpg 900w, https:\/\/wilfriedandco.fr\/wp-content\/uploads\/2023\/01\/efficity-wilfried-co-immmobilier-300x133.jpg 300w, https:\/\/wilfriedandco.fr\/wp-content\/uploads\/2023\/01\/efficity-wilfried-co-immmobilier-768x341.jpg 768w, https:\/\/wilfriedandco.fr\/wp-content\/uploads\/2023\/01\/efficity-wilfried-co-immmobilier-400x178.jpg 400w, https:\/\/wilfriedandco.fr\/wp-content\/uploads\/2023\/01\/efficity-wilfried-co-immmobilier-135x60.jpg 135w, https:\/\/wilfriedandco.fr\/wp-content\/uploads\/2023\/01\/efficity-wilfried-co-immmobilier-203x90.jpg 203w\" alt=\"\" width=\"900\" height=\"400\" \/><br \/>\n<img loading=\"lazy\" decoding=\"async\" src=\"https:\/\/wilfriedandco.fr\/wp-content\/uploads\/2023\/01\/Espace-massage-WILFRIEDandCO-Columbus-MONTECARLO.webp\" sizes=\"auto, (max-width: 870px) 100vw, 870px\" srcset=\"https:\/\/wilfriedandco.fr\/wp-content\/uploads\/2023\/01\/Espace-massage-WILFRIEDandCO-Columbus-MONTECARLO.webp 870w, https:\/\/wilfriedandco.fr\/wp-content\/uploads\/2023\/01\/Espace-massage-WILFRIEDandCO-Columbus-MONTECARLO-300x181.webp 300w, https:\/\/wilfriedandco.fr\/wp-content\/uploads\/2023\/01\/Espace-massage-WILFRIEDandCO-Columbus-MONTECARLO-768x463.webp 768w, https:\/\/wilfriedandco.fr\/wp-content\/uploads\/2023\/01\/Espace-massage-WILFRIEDandCO-Columbus-MONTECARLO-400x241.webp 400w, https:\/\/wilfriedandco.fr\/wp-content\/uploads\/2023\/01\/Espace-massage-WILFRIEDandCO-Columbus-MONTECARLO-100x60.webp 100w, https:\/\/wilfriedandco.fr\/wp-content\/uploads\/2023\/01\/Espace-massage-WILFRIEDandCO-Columbus-MONTECARLO-149x90.webp 149w\" alt=\"\" width=\"870\" height=\"524\" \/><br \/>\n<img loading=\"lazy\" decoding=\"async\" src=\"https:\/\/wilfriedandco.fr\/wp-content\/uploads\/2023\/01\/190.jpg\" sizes=\"auto, (max-width: 2048px) 100vw, 2048px\" srcset=\"https:\/\/wilfriedandco.fr\/wp-content\/uploads\/2023\/01\/190.jpg 2048w, https:\/\/wilfriedandco.fr\/wp-content\/uploads\/2023\/01\/190-300x225.jpg 300w, https:\/\/wilfriedandco.fr\/wp-content\/uploads\/2023\/01\/190-1024x768.jpg 1024w, https:\/\/wilfriedandco.fr\/wp-content\/uploads\/2023\/01\/190-768x576.jpg 768w, https:\/\/wilfriedandco.fr\/wp-content\/uploads\/2023\/01\/190-1536x1152.jpg 1536w, https:\/\/wilfriedandco.fr\/wp-content\/uploads\/2023\/01\/190-400x300.jpg 400w, https:\/\/wilfriedandco.fr\/wp-content\/uploads\/2023\/01\/190-80x60.jpg 80w, https:\/\/wilfriedandco.fr\/wp-content\/uploads\/2023\/01\/190-120x90.jpg 120w\" alt=\"\" width=\"2048\" height=\"1536\" \/><\/p>\n<h2>Notre processus<\/h2>\n<p>Profitez d&rsquo;un savoir faire, et d&rsquo;un accompagnement personnalis\u00e9.<\/p>\n<h3>\u00c9tude<\/h3>\n<p>Faire une \u00e9tude de moyens pour la mise en place du projet.<\/p>\n<h3>Recherche de local<\/h3>\n<p>Trouver un local tr\u00e8s bien plac\u00e9, si possible sans reprise avec un loyer raisonnable.<\/p>\n<h3>\u00c9tude De March\u00e9<\/h3>\n<p>R\u00e9aliser un pr\u00e9visionnel de gestion sur 5 ans.<\/p>\n<h3>Mise En Conformit\u00e9<\/h3>\n<p>Les normes europ\u00e9ennes sont de plus exigeantes.<\/p>\n<h3>Installation<\/h3>\n<p>Autorisations, accords et d\u00e9marches aupr\u00e8s des banques et administrations.<\/p>\n<h3>Pourquoi nous choisir ?<\/h3>\n<h4>\u00c9coute<\/h4>\n<p>Vos projets, vos id\u00e9es, vos espoirs.<\/p>\n<h4>Savoir faire<\/h4>\n<p>Vous inculquer notre savoir-faire et vous apporter notre exp\u00e9rience.<\/p>\n<h4>Accompagnement<\/h4>\n<p>Suivre et encadrer votre installation dans votre futur point de vente.<\/p>\n<h4>Promotion<\/h4>\n<p>Vous promouvoir et vous assister, avant, pendant et apr\u00e8s votre ouverture.<\/p>\n<h3>Votre R\u00f4le<\/h3>\n<ul>\n<li>\u00catre curieux, opini\u00e2tre, s\u00e9rieux, travailleur et avoir envie de s&rsquo;offrir une meilleur qualit\u00e9 de vie personnelle et professionnelle<\/li>\n<li>COMP\u00c9TENCES : Professionnel du service, de la vente, tourisme, sport, coiffure, esth\u00e9tique, massage, sant\u00e9, immobilier, investissement.<\/li>\n<li>Suivre pas \u00e0 pas notre plan de gestion hebdomadaire remis \u00e0 l\u2019ouverture !<\/li>\n<\/ul>\n<p><a><br \/>\nJe me lance ! <\/a><br \/>\n<img loading=\"lazy\" decoding=\"async\" src=\"https:\/\/wilfriedandco.fr\/wp-content\/uploads\/2023\/01\/1560258549-d381fd81257c94efb69843c55b20e604.jpg\" sizes=\"auto, (max-width: 636px) 100vw, 636px\" srcset=\"https:\/\/wilfriedandco.fr\/wp-content\/uploads\/2023\/01\/1560258549-d381fd81257c94efb69843c55b20e604.jpg 636w, https:\/\/wilfriedandco.fr\/wp-content\/uploads\/2023\/01\/1560258549-d381fd81257c94efb69843c55b20e604-300x169.jpg 300w, https:\/\/wilfriedandco.fr\/wp-content\/uploads\/2023\/01\/1560258549-d381fd81257c94efb69843c55b20e604-400x225.jpg 400w, https:\/\/wilfriedandco.fr\/wp-content\/uploads\/2023\/01\/1560258549-d381fd81257c94efb69843c55b20e604-107x60.jpg 107w, https:\/\/wilfriedandco.fr\/wp-content\/uploads\/2023\/01\/1560258549-d381fd81257c94efb69843c55b20e604-160x90.jpg 160w\" alt=\"\" width=\"636\" height=\"358\" \/><\/p>\n<h2>Nos partenaires<\/h2>\n<p><img loading=\"lazy\" decoding=\"async\" src=\"https:\/\/wilfriedandco.fr\/wp-content\/uploads\/2023\/01\/logos-partenaires.jpg\" sizes=\"auto, (max-width: 1536px) 100vw, 1536px\" srcset=\"https:\/\/wilfriedandco.fr\/wp-content\/uploads\/2023\/01\/logos-partenaires.jpg 1536w, https:\/\/wilfriedandco.fr\/wp-content\/uploads\/2023\/01\/logos-partenaires-300x146.jpg 300w, https:\/\/wilfriedandco.fr\/wp-content\/uploads\/2023\/01\/logos-partenaires-1024x500.jpg 1024w, https:\/\/wilfriedandco.fr\/wp-content\/uploads\/2023\/01\/logos-partenaires-768x375.jpg 768w, https:\/\/wilfriedandco.fr\/wp-content\/uploads\/2023\/01\/logos-partenaires-400x195.jpg 400w, https:\/\/wilfriedandco.fr\/wp-content\/uploads\/2023\/01\/logos-partenaires-123x60.jpg 123w, https:\/\/wilfriedandco.fr\/wp-content\/uploads\/2023\/01\/logos-partenaires-184x90.jpg 184w\" alt=\"\" width=\"1536\" height=\"750\" \/><\/p>\n<h3>VOTRE CORNER SHOP IN SHOP WILFRIEDandCO<\/h3>\n<p>Profitez d&rsquo;un savoir faire, et d&rsquo;un accompagnement personnalis\u00e9.<\/p>\n<p><a role=\"button\"><br \/>\nJe me lance !<br \/>\n<\/a><br \/>\n<img loading=\"lazy\" decoding=\"async\" src=\"https:\/\/wilfriedandco.fr\/wp-content\/uploads\/2020\/06\/flower-of-life-2648527_1280-300x300.png\" sizes=\"auto, (max-width: 300px) 100vw, 300px\" srcset=\"https:\/\/wilfriedandco.fr\/wp-content\/uploads\/2020\/06\/flower-of-life-2648527_1280-300x300.png 300w, https:\/\/wilfriedandco.fr\/wp-content\/uploads\/2020\/06\/flower-of-life-2648527_1280-100x100.png 100w, https:\/\/wilfriedandco.fr\/wp-content\/uploads\/2020\/06\/flower-of-life-2648527_1280-400x400.png 400w, https:\/\/wilfriedandco.fr\/wp-content\/uploads\/2020\/06\/flower-of-life-2648527_1280-1024x1024.png 1024w, https:\/\/wilfriedandco.fr\/wp-content\/uploads\/2020\/06\/flower-of-life-2648527_1280-150x150.png 150w, https:\/\/wilfriedandco.fr\/wp-content\/uploads\/2020\/06\/flower-of-life-2648527_1280-768x768.png 768w, https:\/\/wilfriedandco.fr\/wp-content\/uploads\/2020\/06\/flower-of-life-2648527_1280.png 1280w\" alt=\"\" width=\"300\" height=\"300\" \/><\/p>\n","protected":false},"excerpt":{"rendered":"<p>VOTRE CORNER SHOP IN SHOP WILFRIEDandCO Profitez d&rsquo;un savoir faire, et d&rsquo;un accompagnement personnalis\u00e9. Je me lance ! Je me lance ! QU\u2019EST-CE QUE LE SHOP IN SHOP? Un espace dans un point de vente, un magasin dans un magasin (shop in shop). Cet espace est autonome et comporte ses propres caisses comme pour les [&hellip;]<\/p>\n","protected":false},"author":128,"featured_media":1589,"parent":0,"menu_order":0,"comment_status":"closed","ping_status":"closed","template":"","meta":{"ocean_post_layout":"full-width","ocean_both_sidebars_style":"","ocean_both_sidebars_content_width":0,"ocean_both_sidebars_sidebars_width":0,"ocean_sidebar":"0","ocean_second_sidebar":"0","ocean_disable_margins":"enable","ocean_add_body_class":"","ocean_shortcode_before_top_bar":"","ocean_shortcode_after_top_bar":"","ocean_shortcode_before_header":"","ocean_shortcode_after_header":"","ocean_has_shortcode":"","ocean_shortcode_after_title":"","ocean_shortcode_before_footer_widgets":"","ocean_shortcode_after_footer_widgets":"","ocean_shortcode_before_footer_bottom":"","ocean_shortcode_after_footer_bottom":"","ocean_display_top_bar":"off","ocean_display_header":"on","ocean_header_style":"custom","ocean_center_header_left_menu":"0","ocean_custom_header_template":"333","ocean_custom_logo":0,"ocean_custom_retina_logo":0,"ocean_custom_logo_max_width":0,"ocean_custom_logo_tablet_max_width":0,"ocean_custom_logo_mobile_max_width":0,"ocean_custom_logo_max_height":0,"ocean_custom_logo_tablet_max_height":0,"ocean_custom_logo_mobile_max_height":0,"ocean_header_custom_menu":"0","ocean_menu_typo_font_family":"0","ocean_menu_typo_font_subset":"","ocean_menu_typo_font_size":0,"ocean_menu_typo_font_size_tablet":0,"ocean_menu_typo_font_size_mobile":0,"ocean_menu_typo_font_size_unit":"px","ocean_menu_typo_font_weight":"","ocean_menu_typo_font_weight_tablet":"","ocean_menu_typo_font_weight_mobile":"","ocean_menu_typo_transform":"","ocean_menu_typo_transform_tablet":"","ocean_menu_typo_transform_mobile":"","ocean_menu_typo_line_height":0,"ocean_menu_typo_line_height_tablet":0,"ocean_menu_typo_line_height_mobile":0,"ocean_menu_typo_line_height_unit":"","ocean_menu_typo_spacing":0,"ocean_menu_typo_spacing_tablet":0,"ocean_menu_typo_spacing_mobile":0,"ocean_menu_typo_spacing_unit":"","ocean_menu_link_color":"","ocean_menu_link_color_hover":"","ocean_menu_link_color_active":"","ocean_menu_link_background":"","ocean_menu_link_hover_background":"","ocean_menu_link_active_background":"","ocean_menu_social_links_bg":"","ocean_menu_social_hover_links_bg":"","ocean_menu_social_links_color":"","ocean_menu_social_hover_links_color":"","ocean_disable_title":"on","ocean_disable_heading":"default","ocean_post_title":"","ocean_post_subheading":"","ocean_post_title_style":"","ocean_post_title_background_color":"","ocean_post_title_background":0,"ocean_post_title_bg_image_position":"","ocean_post_title_bg_image_attachment":"","ocean_post_title_bg_image_repeat":"","ocean_post_title_bg_image_size":"","ocean_post_title_height":0,"ocean_post_title_bg_overlay":0.5,"ocean_post_title_bg_overlay_color":"","ocean_disable_breadcrumbs":"off","ocean_breadcrumbs_color":"","ocean_breadcrumbs_separator_color":"","ocean_breadcrumbs_links_color":"","ocean_breadcrumbs_links_hover_color":"","ocean_display_footer_widgets":"on","ocean_display_footer_bottom":"off","ocean_custom_footer_template":"381","footnotes":""},"class_list":["post-1499","page","type-page","status-publish","has-post-thumbnail","hentry","entry","has-media","owp-thumbs-layout-horizontal","owp-btn-normal","owp-tabs-layout-horizontal","has-no-thumbnails","has-product-nav"],"yoast_head":"<!-- This site is optimized with the Yoast SEO plugin v27.4 - https:\/\/yoast.com\/product\/yoast-seo-wordpress\/ -->\n<title>Corner web shop-in-shop - WILFRIEDandCO<\/title>\n<meta name=\"description\" content=\"Profitez d\u2019un savoir faire, et d\u2019un accompagnement personnalis\u00e9. Devenez partenaire, cr\u00e9ez votre ind\u00e9pendance !\" \/>\n<meta name=\"robots\" content=\"index, follow, max-snippet:-1, max-image-preview:large, max-video-preview:-1\" \/>\n<link rel=\"canonical\" href=\"https:\/\/wilfriedandco.fr\/index.php\/shop-in-shop-2\/\" \/>\n<meta property=\"og:locale\" content=\"fr_FR\" \/>\n<meta property=\"og:type\" content=\"article\" \/>\n<meta property=\"og:title\" content=\"Shop in Shop - WILFRIENDandCO\" \/>\n<meta property=\"og:description\" content=\"Profitez d\u2019un savoir faire, et d\u2019un accompagnement personnalis\u00e9. Devenez partenaire, cr\u00e9ez votre ind\u00e9pendance !\" \/>\n<meta property=\"og:url\" content=\"https:\/\/wilfriedandco.fr\/index.php\/shop-in-shop-2\/\" \/>\n<meta property=\"og:site_name\" content=\"WILFRIEDandCO\" \/>\n<meta property=\"article:modified_time\" content=\"2025-05-06T06:57:22+00:00\" \/>\n<meta property=\"og:image\" content=\"https:\/\/wilfriedandco.fr\/wp-content\/uploads\/2023\/01\/Espace-Coiffure-WILFRIEDandCO-Columbus-Monte-Carlo.webp\" \/>\n\t<meta property=\"og:image:width\" content=\"870\" \/>\n\t<meta property=\"og:image:height\" content=\"524\" \/>\n\t<meta property=\"og:image:type\" content=\"image\/webp\" \/>\n<meta name=\"twitter:card\" content=\"summary_large_image\" \/>\n<meta name=\"twitter:label1\" content=\"Dur\u00e9e de lecture estim\u00e9e\" \/>\n\t<meta name=\"twitter:data1\" content=\"5 minutes\" \/>\n<script type=\"application\/ld+json\" class=\"yoast-schema-graph\">{\"@context\":\"https:\\\/\\\/schema.org\",\"@graph\":[{\"@type\":\"WebPage\",\"@id\":\"https:\\\/\\\/wilfriedandco.fr\\\/index.php\\\/shop-in-shop-2\\\/\",\"url\":\"https:\\\/\\\/wilfriedandco.fr\\\/index.php\\\/shop-in-shop-2\\\/\",\"name\":\"Corner web shop-in-shop - WILFRIEDandCO\",\"isPartOf\":{\"@id\":\"https:\\\/\\\/wilfriedandco.fr\\\/#website\"},\"primaryImageOfPage\":{\"@id\":\"https:\\\/\\\/wilfriedandco.fr\\\/index.php\\\/shop-in-shop-2\\\/#primaryimage\"},\"image\":{\"@id\":\"https:\\\/\\\/wilfriedandco.fr\\\/index.php\\\/shop-in-shop-2\\\/#primaryimage\"},\"thumbnailUrl\":\"https:\\\/\\\/wilfriedandco.fr\\\/wp-content\\\/uploads\\\/2023\\\/01\\\/Espace-Coiffure-WILFRIEDandCO-Columbus-Monte-Carlo.webp\",\"datePublished\":\"2023-01-27T23:04:53+00:00\",\"dateModified\":\"2025-05-06T06:57:22+00:00\",\"description\":\"Profitez d\u2019un savoir faire, et d\u2019un accompagnement personnalis\u00e9. Devenez partenaire, cr\u00e9ez votre ind\u00e9pendance !\",\"breadcrumb\":{\"@id\":\"https:\\\/\\\/wilfriedandco.fr\\\/index.php\\\/shop-in-shop-2\\\/#breadcrumb\"},\"inLanguage\":\"fr-FR\",\"potentialAction\":[{\"@type\":\"ReadAction\",\"target\":[\"https:\\\/\\\/wilfriedandco.fr\\\/index.php\\\/shop-in-shop-2\\\/\"]}]},{\"@type\":\"ImageObject\",\"inLanguage\":\"fr-FR\",\"@id\":\"https:\\\/\\\/wilfriedandco.fr\\\/index.php\\\/shop-in-shop-2\\\/#primaryimage\",\"url\":\"https:\\\/\\\/wilfriedandco.fr\\\/wp-content\\\/uploads\\\/2023\\\/01\\\/Espace-Coiffure-WILFRIEDandCO-Columbus-Monte-Carlo.webp\",\"contentUrl\":\"https:\\\/\\\/wilfriedandco.fr\\\/wp-content\\\/uploads\\\/2023\\\/01\\\/Espace-Coiffure-WILFRIEDandCO-Columbus-Monte-Carlo.webp\",\"width\":870,\"height\":524},{\"@type\":\"BreadcrumbList\",\"@id\":\"https:\\\/\\\/wilfriedandco.fr\\\/index.php\\\/shop-in-shop-2\\\/#breadcrumb\",\"itemListElement\":[{\"@type\":\"ListItem\",\"position\":1,\"name\":\"Accueil\",\"item\":\"https:\\\/\\\/wilfriedandco.fr\\\/\"},{\"@type\":\"ListItem\",\"position\":2,\"name\":\"Corner web shop-in-shop\"}]},{\"@type\":\"WebSite\",\"@id\":\"https:\\\/\\\/wilfriedandco.fr\\\/#website\",\"url\":\"https:\\\/\\\/wilfriedandco.fr\\\/\",\"name\":\"WILFRIEDandCO\",\"description\":\"UN LUXE POUR VOTRE BIEN-\u00caTRE\",\"publisher\":{\"@id\":\"https:\\\/\\\/wilfriedandco.fr\\\/#organization\"},\"potentialAction\":[{\"@type\":\"SearchAction\",\"target\":{\"@type\":\"EntryPoint\",\"urlTemplate\":\"https:\\\/\\\/wilfriedandco.fr\\\/?s={search_term_string}\"},\"query-input\":{\"@type\":\"PropertyValueSpecification\",\"valueRequired\":true,\"valueName\":\"search_term_string\"}}],\"inLanguage\":\"fr-FR\"},{\"@type\":\"Organization\",\"@id\":\"https:\\\/\\\/wilfriedandco.fr\\\/#organization\",\"name\":\"WILFRIEDandCO\",\"url\":\"https:\\\/\\\/wilfriedandco.fr\\\/\",\"logo\":{\"@type\":\"ImageObject\",\"inLanguage\":\"fr-FR\",\"@id\":\"https:\\\/\\\/wilfriedandco.fr\\\/#\\\/schema\\\/logo\\\/image\\\/\",\"url\":\"https:\\\/\\\/wilfriedandco.fr\\\/wp-content\\\/uploads\\\/2020\\\/04\\\/IMG_1446.jpg\",\"contentUrl\":\"https:\\\/\\\/wilfriedandco.fr\\\/wp-content\\\/uploads\\\/2020\\\/04\\\/IMG_1446.jpg\",\"width\":2048,\"height\":744,\"caption\":\"WILFRIEDandCO\"},\"image\":{\"@id\":\"https:\\\/\\\/wilfriedandco.fr\\\/#\\\/schema\\\/logo\\\/image\\\/\"}}]}<\/script>\n<!-- \/ Yoast SEO plugin. -->","yoast_head_json":{"title":"Corner web shop-in-shop - WILFRIEDandCO","description":"Profitez d\u2019un savoir faire, et d\u2019un accompagnement personnalis\u00e9. Devenez partenaire, cr\u00e9ez votre ind\u00e9pendance !","robots":{"index":"index","follow":"follow","max-snippet":"max-snippet:-1","max-image-preview":"max-image-preview:large","max-video-preview":"max-video-preview:-1"},"canonical":"https:\/\/wilfriedandco.fr\/index.php\/shop-in-shop-2\/","og_locale":"fr_FR","og_type":"article","og_title":"Shop in Shop - WILFRIENDandCO","og_description":"Profitez d\u2019un savoir faire, et d\u2019un accompagnement personnalis\u00e9. Devenez partenaire, cr\u00e9ez votre ind\u00e9pendance !","og_url":"https:\/\/wilfriedandco.fr\/index.php\/shop-in-shop-2\/","og_site_name":"WILFRIEDandCO","article_modified_time":"2025-05-06T06:57:22+00:00","og_image":[{"width":870,"height":524,"url":"https:\/\/wilfriedandco.fr\/wp-content\/uploads\/2023\/01\/Espace-Coiffure-WILFRIEDandCO-Columbus-Monte-Carlo.webp","type":"image\/webp"}],"twitter_card":"summary_large_image","twitter_misc":{"Dur\u00e9e de lecture estim\u00e9e":"5 minutes"},"schema":{"@context":"https:\/\/schema.org","@graph":[{"@type":"WebPage","@id":"https:\/\/wilfriedandco.fr\/index.php\/shop-in-shop-2\/","url":"https:\/\/wilfriedandco.fr\/index.php\/shop-in-shop-2\/","name":"Corner web shop-in-shop - WILFRIEDandCO","isPartOf":{"@id":"https:\/\/wilfriedandco.fr\/#website"},"primaryImageOfPage":{"@id":"https:\/\/wilfriedandco.fr\/index.php\/shop-in-shop-2\/#primaryimage"},"image":{"@id":"https:\/\/wilfriedandco.fr\/index.php\/shop-in-shop-2\/#primaryimage"},"thumbnailUrl":"https:\/\/wilfriedandco.fr\/wp-content\/uploads\/2023\/01\/Espace-Coiffure-WILFRIEDandCO-Columbus-Monte-Carlo.webp","datePublished":"2023-01-27T23:04:53+00:00","dateModified":"2025-05-06T06:57:22+00:00","description":"Profitez d\u2019un savoir faire, et d\u2019un accompagnement personnalis\u00e9. Devenez partenaire, cr\u00e9ez votre ind\u00e9pendance !","breadcrumb":{"@id":"https:\/\/wilfriedandco.fr\/index.php\/shop-in-shop-2\/#breadcrumb"},"inLanguage":"fr-FR","potentialAction":[{"@type":"ReadAction","target":["https:\/\/wilfriedandco.fr\/index.php\/shop-in-shop-2\/"]}]},{"@type":"ImageObject","inLanguage":"fr-FR","@id":"https:\/\/wilfriedandco.fr\/index.php\/shop-in-shop-2\/#primaryimage","url":"https:\/\/wilfriedandco.fr\/wp-content\/uploads\/2023\/01\/Espace-Coiffure-WILFRIEDandCO-Columbus-Monte-Carlo.webp","contentUrl":"https:\/\/wilfriedandco.fr\/wp-content\/uploads\/2023\/01\/Espace-Coiffure-WILFRIEDandCO-Columbus-Monte-Carlo.webp","width":870,"height":524},{"@type":"BreadcrumbList","@id":"https:\/\/wilfriedandco.fr\/index.php\/shop-in-shop-2\/#breadcrumb","itemListElement":[{"@type":"ListItem","position":1,"name":"Accueil","item":"https:\/\/wilfriedandco.fr\/"},{"@type":"ListItem","position":2,"name":"Corner web shop-in-shop"}]},{"@type":"WebSite","@id":"https:\/\/wilfriedandco.fr\/#website","url":"https:\/\/wilfriedandco.fr\/","name":"WILFRIEDandCO","description":"UN LUXE POUR VOTRE BIEN-\u00caTRE","publisher":{"@id":"https:\/\/wilfriedandco.fr\/#organization"},"potentialAction":[{"@type":"SearchAction","target":{"@type":"EntryPoint","urlTemplate":"https:\/\/wilfriedandco.fr\/?s={search_term_string}"},"query-input":{"@type":"PropertyValueSpecification","valueRequired":true,"valueName":"search_term_string"}}],"inLanguage":"fr-FR"},{"@type":"Organization","@id":"https:\/\/wilfriedandco.fr\/#organization","name":"WILFRIEDandCO","url":"https:\/\/wilfriedandco.fr\/","logo":{"@type":"ImageObject","inLanguage":"fr-FR","@id":"https:\/\/wilfriedandco.fr\/#\/schema\/logo\/image\/","url":"https:\/\/wilfriedandco.fr\/wp-content\/uploads\/2020\/04\/IMG_1446.jpg","contentUrl":"https:\/\/wilfriedandco.fr\/wp-content\/uploads\/2020\/04\/IMG_1446.jpg","width":2048,"height":744,"caption":"WILFRIEDandCO"},"image":{"@id":"https:\/\/wilfriedandco.fr\/#\/schema\/logo\/image\/"}}]}},"_links":{"self":[{"href":"https:\/\/wilfriedandco.fr\/index.php\/wp-json\/wp\/v2\/pages\/1499","targetHints":{"allow":["GET"]}}],"collection":[{"href":"https:\/\/wilfriedandco.fr\/index.php\/wp-json\/wp\/v2\/pages"}],"about":[{"href":"https:\/\/wilfriedandco.fr\/index.php\/wp-json\/wp\/v2\/types\/page"}],"author":[{"embeddable":true,"href":"https:\/\/wilfriedandco.fr\/index.php\/wp-json\/wp\/v2\/users\/128"}],"replies":[{"embeddable":true,"href":"https:\/\/wilfriedandco.fr\/index.php\/wp-json\/wp\/v2\/comments?post=1499"}],"version-history":[{"count":195,"href":"https:\/\/wilfriedandco.fr\/index.php\/wp-json\/wp\/v2\/pages\/1499\/revisions"}],"predecessor-version":[{"id":2047,"href":"https:\/\/wilfriedandco.fr\/index.php\/wp-json\/wp\/v2\/pages\/1499\/revisions\/2047"}],"wp:featuredmedia":[{"embeddable":true,"href":"https:\/\/wilfriedandco.fr\/index.php\/wp-json\/wp\/v2\/media\/1589"}],"wp:attachment":[{"href":"https:\/\/wilfriedandco.fr\/index.php\/wp-json\/wp\/v2\/media?parent=1499"}],"curies":[{"name":"wp","href":"https:\/\/api.w.org\/{rel}","templated":true}]}}